{"id":391,"date":"2024-09-18T09:24:24","date_gmt":"2024-09-18T07:24:24","guid":{"rendered":"http:\/\/strasznydwor.pl\/fajans\/"},"modified":"2024-11-29T10:15:06","modified_gmt":"2024-11-29T09:15:06","slug":"fayence","status":"publish","type":"page","link":"https:\/\/strasznydwor.pl\/de\/fayence\/","title":{"rendered":"Fayence"},"content":{"rendered":"<p><em>Die goldenen Jahre von Straszny Dw\u00f3r und von ganz Chodzie\u017c fielen in die Zwischenkriegszeit. <\/em><\/p>\n<p>Den Ton gaben damals Br\u00fcder Ma\u0144czak an, Stanis\u0142aw, der Besitzer der Fayencemanufaktur und Sylwester, K\u00fcnstler und Gesch\u00e4ftsf\u00fchrer der Manufaktur. Die beiden Br\u00fcder besch\u00e4ftigten die halbe Stadt und schufen eine Marke von Kaolinwaren, die dank ihrem einzigartigen Design in ganz Europa bekannt ist.<\/p>\n<p>Im Mittelpunkt damaliger Ereignisse stand die Residenz am Strzelecki-See. Als das Bioklima in Chodzie\u017c medizinisch als heilsam f\u00fcr die Atemwege anerkannt wurde, errichtete 1904 Gebhard Br\u00fchl ein luxuri\u00f6ses G\u00e4stehaus. Er lie\u00df ein Gutshaus im damals beliebten Tiroler Stil mit Bez\u00fcgen auf die deutsche Romantik errichten. 1921 wurde das Geb\u00e4ude von Stanis\u0142aw Ma\u0144czak erworben, zu einer repr\u00e4sentativen Villa umgebaut und nach seinem Lieblingsoper von Stanis\u0142aw Moniuszko benannt.<\/p>\n<p>Die nebenan errichtete Kegelbahn war in der Zwischenkriegszeit ein Herzst\u00fcck von Chodzie\u017c. Im gr\u00f6\u00dften Saal fanden Konzerte, Auff\u00fchrungen, Stadtfeste, Versammlungen von Burschenschaften und Vereinen statt, hier traf sich die Elite von Chodzie\u017c. Wir m\u00f6chten Straszny Dw\u00f3r seinen ehemaligen Glanz zur\u00fcckgeben und es wieder zu einem lebendigen Begegnungsort machen.<br \/>\nDie Fayencen aus Chodzie\u017c zierten jeden Haushalt. Dies ist Sylwester Ma\u0144czak zu verdanken, der f\u00fcr das hier hergestellte Geschirr neue Muster entwickelt hat. Auf den Fayencen finden sich florale und geometrische Motive, Landschaften und Art-D\u00e9co-Volksmotive. Somit wurde die Manufaktur in Chodzie\u017c zur gr\u00f6\u00dften Fayenceherstellerin in Polen und exportiert mehr als die H\u00e4lfte der Waren in die Niederlande &#8211; die europ\u00e4ische Wiege der Fayence, nach Belgien und in die skandinavischen L\u00e4nder.<\/p>\n<p>Familie Ma\u0144czak ver\u00e4nderte das Stadtbild. Der Erfolg ihrer Keramik steigerte die Herstellung, gab Hunderten weiterer EinwohnerInnen Arbeit und \u00fcberzeugte die \u00d6ffentlichkeit von der \u201eSpitzenqualit\u00e4t der lokalen Waren\u201c.<\/p>\n","protected":false},"excerpt":{"rendered":"<p>Die goldenen Jahre von Straszny Dw\u00f3r und von ganz Chodzie\u017c fielen in die Zwischenkriegszeit. Den Ton gaben damals Br\u00fcder Ma\u0144czak&#8230;<\/p>\n","protected":false},"author":1,"featured_media":392,"parent":0,"menu_order":0,"comment_status":"closed","ping_status":"closed","template":"","meta":{"_acf_changed":false,"footnotes":""},"class_list":["post-391","page","type-page","status-publish","has-post-thumbnail","hentry"],"acf":[],"_links":{"self":[{"href":"https:\/\/strasznydwor.pl\/de\/wp-json\/wp\/v2\/pages\/391","targetHints":{"allow":["GET"]}}],"collection":[{"href":"https:\/\/strasznydwor.pl\/de\/wp-json\/wp\/v2\/pages"}],"about":[{"href":"https:\/\/strasznydwor.pl\/de\/wp-json\/wp\/v2\/types\/page"}],"author":[{"embeddable":true,"href":"https:\/\/strasznydwor.pl\/de\/wp-json\/wp\/v2\/users\/1"}],"replies":[{"embeddable":true,"href":"https:\/\/strasznydwor.pl\/de\/wp-json\/wp\/v2\/comments?post=391"}],"version-history":[{"count":0,"href":"https:\/\/strasznydwor.pl\/de\/wp-json\/wp\/v2\/pages\/391\/revisions"}],"wp:featuredmedia":[{"embeddable":true,"href":"https:\/\/strasznydwor.pl\/de\/wp-json\/wp\/v2\/media\/392"}],"wp:attachment":[{"href":"https:\/\/strasznydwor.pl\/de\/wp-json\/wp\/v2\/media?parent=391"}],"curies":[{"name":"wp","href":"https:\/\/api.w.org\/{rel}","templated":true}]}}